{"id":2181,"date":"2018-01-01T08:00:00","date_gmt":"2018-01-01T07:00:00","guid":{"rendered":"http:\/\/18.184.73.230\/?post_type=initiativen&#038;p=2181"},"modified":"2025-08-27T17:37:49","modified_gmt":"2025-08-27T15:37:49","slug":"drying-little-tears-day-branch-rhein-ruhr","status":"publish","type":"initiativen","link":"https:\/\/drying-little-tears.org\/fr\/initiatives\/drying-little-tears-day-branch-rhein-ruhr\/","title":{"rendered":"DRYING LITTLE TEARS DAY filiale Rhein\/Ruhr"},"content":{"rendered":"<p>La f\u00eate familiale organis\u00e9e \u00e0 l\u2019h\u00f4pital p\u00e9diatrique Regenbogenland par la filiale de la r\u00e9gion Rhin-Ruhr a connu un grand succ\u00e8s :<\/p>\n\n\n\n<p>\u00c0 l\u2019occasion de la f\u00eate, l\u2019\u00e9quipe a servi deux diff\u00e9rents types de cocktails ainsi que des saucisses grill\u00e9es au barbecue accompagn\u00e9es d\u2019un petit pain. Les quelque 60 invit\u00e9s, des enfants gravement malades, leurs fr\u00e8res, s\u0153urs et parents se sont beaucoup amus\u00e9s en participant aux jeux propos\u00e9s, en pataugeant dans la piscine ou en sautant sur le trampoline. Un apr\u00e8s-midi tr\u00e8s r\u00e9ussi avec un temps au beau fixe.<\/p>\n\n\n\n<p>Le temps fort de la f\u00eate fut sans doute le chariot \u00e0 glace qui a permis \u00e0 tout le monde de d\u00e9guster des glaces \u00e0 volont\u00e9 pendant une heure. Les petits ne sont pas les seuls \u00e0 s\u2019\u00eatre amus\u00e9.<\/p>\n\n\n\n<blockquote class=\"wp-block-quote is-layout-flow wp-block-quote-is-layout-flow\">\n<p><em>Nous allons certainement r\u00e9it\u00e9rer cette action, ou organiser quelque chose de similaire l\u2019ann\u00e9e prochaine.<\/em><\/p>\n<cite>Corinna Soehngen-Terhart<\/cite><\/blockquote>","protected":false},"author":6,"featured_media":2182,"template":"","class_list":["post-2181","initiativen","type-initiativen","status-publish","has-post-thumbnail","hentry"],"_links":{"self":[{"href":"https:\/\/drying-little-tears.org\/fr\/wp-json\/wp\/v2\/initiativen\/2181","targetHints":{"allow":["GET"]}}],"collection":[{"href":"https:\/\/drying-little-tears.org\/fr\/wp-json\/wp\/v2\/initiativen"}],"about":[{"href":"https:\/\/drying-little-tears.org\/fr\/wp-json\/wp\/v2\/types\/initiativen"}],"author":[{"embeddable":true,"href":"https:\/\/drying-little-tears.org\/fr\/wp-json\/wp\/v2\/users\/6"}],"version-history":[{"count":0,"href":"https:\/\/drying-little-tears.org\/fr\/wp-json\/wp\/v2\/initiativen\/2181\/revisions"}],"wp:featuredmedia":[{"embeddable":true,"href":"https:\/\/drying-little-tears.org\/fr\/wp-json\/wp\/v2\/media\/2182"}],"wp:attachment":[{"href":"https:\/\/drying-little-tears.org\/fr\/wp-json\/wp\/v2\/media?parent=2181"}],"curies":[{"name":"wp","href":"https:\/\/api.w.org\/{rel}","templated":true}]}}