{"id":1794,"date":"2013-09-08T11:17:00","date_gmt":"2013-09-08T09:17:00","guid":{"rendered":"http:\/\/18.184.73.230\/?post_type=alle_projekte&#038;p=1794"},"modified":"2023-01-17T10:56:30","modified_gmt":"2023-01-17T09:56:30","slug":"deux-salles-de-classe-pour-lecole-primaire","status":"publish","type":"alle_projekte","link":"https:\/\/drying-little-tears.org\/fr\/projet\/deux-salles-de-classe-pour-lecole-primaire\/","title":{"rendered":"Deux salles de classe pour l\u2019\u00e9cole primaire"},"content":{"rendered":"<p class=\"translation-block\"><strong>Deux salles de classe<\/strong> suppl\u00e9mentaires offrent aux \u00e9l\u00e8ves africains du primaire un meilleur acc\u00e8s \u00e0 l'\u00e9ducation.  Une visite scolaire au Kenya \u00e9tait autrefois un privil\u00e8ge r\u00e9serv\u00e9 \u00e0 quelques \u00e9l\u00e8ves. Cette situation ne s'est am\u00e9lior\u00e9e que lorsque le gouvernement a tenu sa promesse \u00e9lectorale en 2003 et aboli les frais de scolarit\u00e9 des \u00e9coles primaires. Pour la premi\u00e8re fois, elle a permis aux enfants de familles pauvres d'acc\u00e9der \u00e0 l'\u00e9ducation. Soudainement, 1,7 million d'enfants suppl\u00e9mentaires sont all\u00e9s \u00e0 l'\u00e9cole. Mais les investissements dans le secteur de l'\u00e9ducation ne se sont pas concr\u00e9tis\u00e9s. D'autant plus que le syst\u00e8me scolaire est \u00e0 peine capable de faire face au nombre croissant d'\u00e9l\u00e8ves. C'est l\u00e0 que le travail de Bonfaremo e. V. entre en jeu. L'association s'implique de diff\u00e9rentes mani\u00e8res dans le domaine de l'\u00e9ducation, mais elle aide aussi les gens \u00e0 s'aider eux-m\u00eames au Kenya et en Tanzanie. Avec la fondation de l'Acad\u00e9mie du Roi \u00e0 Loitokitok, les enfants des \u00e9coles primaires re\u00e7oivent un soutien individuel dans la mesure du possible, \u00e9tant donn\u00e9 que le nombre d'\u00e9l\u00e8ves par classe n'est g\u00e9n\u00e9ralement pas sup\u00e9rieur \u00e0 30.<\/p>\n\n\n\n<p>Afin de permettre au plus grand nombre possible d'enfants d'acc\u00e9der \u00e0 l'\u00e9cole, la Fondation d'Aide \u00e0 l'Enfance Regine Sixt finance la construction de deux salles de classe suppl\u00e9mentaires. Il s'agit d'un projet prospectif, car l'entretien de l'\u00e9cole est assur\u00e9 par les villageois \u00e0 travers l'entreprise agricole affili\u00e9e.<\/p>","protected":false},"author":4,"featured_media":1798,"template":"","projekte":[12],"class_list":["post-1794","alle_projekte","type-alle_projekte","status-publish","has-post-thumbnail","hentry","projekte-bildung"],"_links":{"self":[{"href":"https:\/\/drying-little-tears.org\/fr\/wp-json\/wp\/v2\/alle_projekte\/1794","targetHints":{"allow":["GET"]}}],"collection":[{"href":"https:\/\/drying-little-tears.org\/fr\/wp-json\/wp\/v2\/alle_projekte"}],"about":[{"href":"https:\/\/drying-little-tears.org\/fr\/wp-json\/wp\/v2\/types\/alle_projekte"}],"author":[{"embeddable":true,"href":"https:\/\/drying-little-tears.org\/fr\/wp-json\/wp\/v2\/users\/4"}],"wp:featuredmedia":[{"embeddable":true,"href":"https:\/\/drying-little-tears.org\/fr\/wp-json\/wp\/v2\/media\/1798"}],"wp:attachment":[{"href":"https:\/\/drying-little-tears.org\/fr\/wp-json\/wp\/v2\/media?parent=1794"}],"wp:term":[{"taxonomy":"projekte","embeddable":true,"href":"https:\/\/drying-little-tears.org\/fr\/wp-json\/wp\/v2\/projekte?post=1794"}],"curies":[{"name":"wp","href":"https:\/\/api.w.org\/{rel}","templated":true}]}}